{"id":5700,"date":"2022-11-03T09:27:57","date_gmt":"2022-11-03T08:27:57","guid":{"rendered":"https:\/\/grenadeoliveoil.com\/datenschutzbestimmungen\/"},"modified":"2025-11-25T17:46:19","modified_gmt":"2025-11-25T16:46:19","slug":"datenschutzbestimmungen","status":"publish","type":"page","link":"https:\/\/grenadeoliveoil.com\/de\/datenschutzbestimmungen\/","title":{"rendered":"Datenschutzbestimmungen"},"content":{"rendered":"\n<h2 class=\"wp-block-heading\">Datenschutz<\/h2>\n\n<p>Sie k\u00f6nnen die Daten- und Datenschutzrichtlinie hier im Detail einsehen:<\/p>\n\n<figure class=\"wp-block-embed\"><div class=\"wp-block-embed__wrapper\">\nhttps:\/\/www.adelopd.com\/privacidad\/inprofit-consulting-sl\n<\/div><\/figure>\n\n<p>www.inprofit.es ist sich bewusst, wie wichtig es ist, das Recht auf Privatsph\u00e4re und Datenschutz der Nutzer zu gew\u00e4hrleisten, und in diesem Zusammenhang, in \u00dcbereinstimmung mit der Datenschutzverordnung (EU) 2016\/679, informieren wir Sie hiermit \u00fcber die folgenden Punkte in Bezug auf die Verarbeitung Ihrer personenbezogenen Daten \u00fcber diese Website:<\/p>\n\n<h3 class=\"wp-block-heading\">Verantwortlicher f\u00fcr die Datenverarbeitung<\/h3>\n\n<ul class=\"wp-block-list\">\n<li><strong>Identit\u00e4t<\/strong>: INPROFIT CONSULTING, S.L.<\/li>\n\n\n\n<li><strong>MEHRWERTSTEUER-NR.<\/strong>: B42605055<\/li>\n\n\n\n<li><strong>Postanschrift<\/strong>: Primero de Mayo 4 CPOS 03804 in Alcoy, Provinz Alicante in Spanien.<\/li>\n\n\n\n<li><strong>Telefon<\/strong>: 965 59 42 72<\/li>\n\n\n\n<li><strong>E-Mail<\/strong>: info@inprofit.es<\/li>\n<\/ul>\n\n<h3 class=\"wp-block-heading\">Grunds\u00e4tze des Datenschutzes<\/h3>\n\n<p>Wir von INPROFIT CONSULTING, S.L. verpflichten uns, mit Ihnen zusammenzuarbeiten, um den Schutz Ihrer pers\u00f6nlichen Daten zu gew\u00e4hrleisten und Ihnen jederzeit die vollst\u00e4ndigsten und klarsten Informationen zu geben, die uns m\u00f6glich sind. Wir empfehlen Ihnen, diesen Abschnitt sorgf\u00e4ltig zu lesen, bevor Sie uns Ihre pers\u00f6nlichen Daten zur Verf\u00fcgung stellen. Wenn Sie unter vierzehn Jahre alt sind, \u00fcbermitteln Sie uns Ihre Daten bitte nicht ohne die Zustimmung Ihrer Eltern. In diesem Abschnitt informieren wir Sie dar\u00fcber, wie wir mit den Daten von Personen umgehen, die in einer Beziehung zu unserer Organisation stehen. Wir beginnen mit unseren Grunds\u00e4tzen:<\/p>\n\n<ul class=\"wp-block-list\">\n<li><strong>Wir fragen nicht nach pers\u00f6nlichen Informationen,<\/strong> es sei denn, sie sind notwendig, um Ihnen die von Ihnen angeforderten Dienstleistungen zu erbringen.<\/li>\n\n\n\n<li><strong>Wir geben personenbezogene Daten niemals an Dritte weiter,<\/strong> es sei denn, dies ist gesetzlich vorgeschrieben oder erfolgt mit Ihrer ausdr\u00fccklichen Genehmigung.<\/li>\n\n\n\n<li><strong>Wir werden Ihre pers\u00f6nlichen Daten niemals <\/strong>f\u00fcr andere als die in dieser Datenschutzrichtlinie genannten Zwecke <strong>verwenden <\/strong>.<\/li>\n\n\n\n<li><strong>Ihre Daten werden stets mit einem Schutzniveau behandelt, das den Datenschutzvorschriften entspricht<\/strong>, und sind nicht Gegenstand automatisierter Entscheidungen.<\/li>\n<\/ul>\n\n<p>Diese Datenschutzerkl\u00e4rung wurde unter Ber\u00fccksichtigung der Anforderungen der geltenden Datenschutzvorschriften erstellt:<\/p>\n\n<ul class=\"wp-block-list\">\n<li>Verordnung (EU) 2016\/679 des Europ\u00e4ischen Parlaments und des Rates vom 27. April 2016 \u00fcber den Schutz nat\u00fcrlicher Personen (GDPR).<\/li>\n\n\n\n<li>Organgesetz 3\/2018 vom 5. Dezember \u00fcber den Schutz personenbezogener Daten und die Gew\u00e4hrleistung der digitalen Rechte (LOPD).<\/li>\n\n\n\n<li>K\u00f6niglicher Erlass 1720\/2007, vom 21. Dezember (RLOPD).<\/li>\n<\/ul>\n\n<p>Diese Datenschutzrichtlinie ist vom 6. Dezember 2018.<\/p>\n\n<p>Um sie verst\u00e4ndlicher zu machen oder um sie an die aktuelle Gesetzgebung anzupassen, k\u00f6nnen wir diese Datenschutzerkl\u00e4rung \u00e4ndern, wenn wir unsere Verarbeitungskriterien \u00e4ndern. Wir werden das Datum aktualisieren, damit Sie seine G\u00fcltigkeit \u00fcberpr\u00fcfen k\u00f6nnen.<\/p>\n\n<h3 class=\"wp-block-heading\">Behandlungen, die wir durchf\u00fchren<\/h3>\n\n<p>BEHANDLUNG VON <strong>MITARBEITERN<\/strong><\/p>\n\n<p><strong>Rechtsgrundlage:<\/strong> GDPR: 6.1.b) Die Verarbeitung ist f\u00fcr die Erf\u00fcllung eines Vertrags, dessen Vertragspartei die betroffene Person ist, oder f\u00fcr die Durchf\u00fchrung vorvertraglicher Ma\u00dfnahmen auf Antrag der betroffenen Person erforderlich. GDPR: 6.1.c) Die Verarbeitung ist zur Erf\u00fcllung einer rechtlichen Verpflichtung erforderlich, die f\u00fcr den f\u00fcr die Verarbeitung Verantwortlichen gilt. K\u00f6niglicher Gesetzeserlass 2\/2015 vom 23. Oktober zur Genehmigung des \u00fcberarbeiteten Textes des Arbeiterstatutsgesetzes.<\/p>\n\n<p>In jeder kommerziellen Mitteilung an die betroffene Person wird ihr die M\u00f6glichkeit gegeben, sich gegen den Erhalt weiterer Mitteilungen auszusprechen.<\/p>\n\n<p><strong>Ziele der Behandlung:<\/strong><\/p>\n\n<ul class=\"wp-block-list\">\n<li>Verwaltung von Vertragspersonal.<\/li>\n\n\n\n<li>Pers\u00f6nliche Akte. Zeitkontrolle. Ausbildung. Rentenversicherungen. Vorbeugung von Gefahren am Arbeitsplatz.<\/li>\n\n\n\n<li>Ausstellung der Gehaltsabrechnung.<\/li>\n\n\n\n<li>Management von Gewerkschaftsaktivit\u00e4ten.<\/li>\n<\/ul>\n\n<p><strong>Kollektiv:<\/strong>Arbeitnehmer<\/p>\n\n<p><strong>Datenkategorien:<\/strong><\/p>\n\n<ul class=\"wp-block-list\">\n<li>Vor- und Nachname, DNI\/CIF\/Identifizierungsdokument, Personalregistrierungsnummer, Sozialversicherungs-\/Gerechtigkeitsnummer, Anschrift, Unterschrift und Telefonnummer.<\/li>\n\n\n\n<li>Besondere Datenkategorien: Gesundheitsdaten (krankheitsbedingte Fehlzeiten, Arbeitsunf\u00e4lle und Invalidit\u00e4tsgrad, ausgenommen Diagnosen), Gewerkschaftsmitgliedschaft, ausschlie\u00dflich zum Zweck der Zahlung von Gewerkschaftsbeitr\u00e4gen (falls zutreffend), Gewerkschaftsvertreter (falls zutreffend), eigene und fremde Anwesenheitsnachweise.<\/li>\n\n\n\n<li>Daten zu pers\u00f6nlichen Merkmalen: Geschlecht, Familienstand, Staatsangeh\u00f6rigkeit, Alter, Geburtsdatum und -ort sowie Familienangaben. Angaben zu den famili\u00e4ren Verh\u00e4ltnissen: Datum der An- und Abmeldung, Lizenzen, Erlaubnisse und Genehmigungen.<\/li>\n\n\n\n<li>Akademische und berufliche Daten: Qualifikationen, Ausbildung und Berufserfahrung.<\/li>\n\n\n\n<li>Detaillierte Angaben zur Besch\u00e4ftigung und zur Verwaltungslaufbahn. Unvereinbarkeiten.<\/li>\n\n\n\n<li>Zeit- und Anwesenheitsdaten: Datum\/Uhrzeit der Ankunft und Abreise, Grund der Abwesenheit.<\/li>\n\n\n\n<li>Finanzdaten: Gehaltsabrechnung, Kredite, Darlehen, B\u00fcrgschaften, Steuerabz\u00fcge, Streichung des Gehalts f\u00fcr die vorherige Stelle (falls zutreffend), gerichtliche Abz\u00fcge (falls zutreffend), sonstige Abz\u00fcge (falls zutreffend). Bankverbindung.\/li&gt;<\/li>\n<\/ul>\n\n<p><strong>Kategorien von Empf\u00e4ngern:<\/strong><\/p>\n\n<ul class=\"wp-block-list\">\n<li>Einrichtung, die mit dem Management berufsbedingter Risiken betraut ist.<\/li>\n\n\n\n<li>Allgemeines Schatzamt der Sozialversicherung.<\/li>\n\n\n\n<li>Gewerkschaftliche Organisationen.<\/li>\n\n\n\n<li>Finanzinstitute.<\/li>\n\n\n\n<li>Staatliche Agentur f\u00fcr Steuerverwaltung.<\/li>\n\n\n\n<li>Hauptauftragnehmer, f\u00fcr die wir als Unterauftragnehmer Dienstleistungen erbringen.<\/li>\n<\/ul>\n\n<p><strong>Internationale \u00dcbermittlungen:<\/strong>Es sind keine internationalen \u00dcbermittlungen von Daten vorgesehen.<\/p>\n\n<p><strong>Dauer der L\u00f6schung:<\/strong>Die Daten werden so lange aufbewahrt, wie es f\u00fcr die Erf\u00fcllung des Zwecks, f\u00fcr den sie erhoben wurden, und f\u00fcr die Bestimmung der m\u00f6glichen Verantwortlichkeiten, die sich aus diesem Zweck und aus der Verarbeitung der Daten ergeben, erforderlich ist. Die Finanzdaten dieser Verarbeitungst\u00e4tigkeit werden gem\u00e4\u00df den Bestimmungen des Gesetzes 58\/2003 vom 17. Dezember 2003 \u00fcber die allgemeine Besteuerung aufbewahrt.<\/p>\n\n<p><strong>Sicherheitsma\u00dfnahmen:<\/strong>Angepasst an die Anforderungen der Verordnung (EU) 2016\/679, General Data Protection Regulation.<\/p>\n\n<p> <strong>KONTAKTBEHANDLUNG<\/strong><\/p>\n\n<p><strong>Rechtsgrundlage:<\/strong> Zustimmung der betroffenen Person<\/p>\n\n<p><strong>Zweck der Verarbeitung:<\/strong>Bearbeitung Ihrer Anfrage, Zusendung von Informationen und Weiterverfolgung Ihrer Anfrage.<\/p>\n\n<p><strong>Gruppe:<\/strong>Kontaktpersonen, Kunden, Lieferanten<\/p>\n\n<p><strong>Datenkategorien:<\/strong>Vor- und Nachname, Telefonnummer, E-Mail Adresse<\/p>\n\n<p><strong>Kategorien von Empf\u00e4ngern:<\/strong>Eine Weitergabe von Daten an Dritte ist nicht vorgesehen.<\/p>\n\n<p><strong>Internationale \u00dcbermittlungen:<\/strong>Es sind keine internationalen \u00dcbermittlungen von Daten vorgesehen.<\/p>\n\n<p><strong>Dauer der L\u00f6schung:<\/strong>Die Kontaktdaten werden auf unbestimmte Zeit oder so lange aufbewahrt, bis die betroffene Person ihre L\u00f6schung beantragt.<\/p>\n\n<p><strong>Sicherheitsma\u00dfnahmen:<\/strong>Angepasst an die Anforderungen der Verordnung (EU) 2016\/679, General Data Protection Regulation.<\/p>\n\n<p> <strong>PFLEGE BEHANDLUNGSRECHTE VON PERSONEN (ARCO)<\/strong><\/p>\n\n<p><strong>Rechtsgrundlage:<\/strong> GDPR: 6.1.c) Die Verarbeitung ist zur Erf\u00fcllung einer rechtlichen Verpflichtung erforderlich, die f\u00fcr den f\u00fcr die Verarbeitung Verantwortlichen gilt. Allgemeine Datenschutzverordnung.<\/p>\n\n<p><strong>Zweck der Verarbeitung:<\/strong>Beantwortung von Antr\u00e4gen zur Aus\u00fcbung der in der Datenschutzgrundverordnung festgelegten Rechte: Recht auf Auskunft, Berichtigung, L\u00f6schung, Einschr\u00e4nkung, \u00dcbertragbarkeit und Widerspruch gegen automatisierte Entscheidungen.<\/p>\n\n<p><strong>Gruppe:<\/strong>Personen, die dies beantragen (Mitarbeiter, Kunden, Lieferanten, Kontaktpersonen).<\/p>\n\n<p><strong>Datenkategorien:<\/strong>Vor- und Nachname, Adresse, Unterschrift und Telefonnummer.<\/p>\n\n<p><strong>Kategorien von Empf\u00e4ngern:<\/strong>Personenbezogene Daten k\u00f6nnen im Rahmen einer von der betroffenen Person eingeleiteten Untersuchung zum Schutz ihrer Rechte an die Aufsichtsbeh\u00f6rde (Spanische Datenschutzbeh\u00f6rde) weitergegeben werden.<\/p>\n\n<p><strong>Internationale \u00dcbermittlungen:<\/strong>Es sind keine internationalen \u00dcbermittlungen von Daten vorgesehen.<\/p>\n\n<p><strong>L\u00f6schungsfrist:<\/strong>Sie werden f\u00fcr einen Zeitraum von f\u00fcnf Jahren ab dem Zeitpunkt der Antragstellung aufbewahrt.<\/p>\n\n<p><strong>Sicherheitsma\u00dfnahmen:<\/strong>Angepasst an die Anforderungen der Verordnung (EU) 2016\/679, General Data Protection Regulation.<\/p>\n\n<p>BEARBEITUNG VON <strong>BEWERBERN AUSWAHLVERFAHREN (HR)<\/strong><\/p>\n\n<p><strong>Rechtsgrundlage: GDPR<\/strong>6.1.a) Die betroffene Person hat in die Verarbeitung ihrer personenbezogenen Daten f\u00fcr einen oder mehrere bestimmte Zwecke eingewilligt. GDPR: 6.1.b) Die Verarbeitung ist f\u00fcr die Erf\u00fcllung eines Vertrags, dessen Vertragspartei die betroffene Person ist, oder f\u00fcr die Durchf\u00fchrung vorvertraglicher Ma\u00dfnahmen auf Antrag der betroffenen Person erforderlich.<\/p>\n\n<p><strong>Zweck der Verarbeitung:<\/strong>Auswahl von Personal und Besetzung von Stellen.<\/p>\n\n<p><strong>Collective:<\/strong>Bewerber, die sich f\u00fcr ein Stellenausschreibungsverfahren beworben haben.<\/p>\n\n<p><strong>Datenkategorien:<\/strong><\/p>\n\n<ul class=\"wp-block-list\">\n<li>Vor- und Nachname, DNI\/CIF\/identifizierendes Dokument, Personalregistrierungsnummer, Adresse, Unterschrift und Telefonnummer.<\/li>\n\n\n\n<li>Daten zu pers\u00f6nlichen Merkmalen: Geschlecht, Familienstand, Staatsangeh\u00f6rigkeit, Alter, Geburtsdatum und -ort sowie Familienangaben.<\/li>\n\n\n\n<li>Akademische und berufliche Daten: Qualifikationen, Ausbildung und Berufserfahrung.<\/li>\n\n\n\n<li>Detaillierte Daten zur Besch\u00e4ftigung.<\/li>\n<\/ul>\n\n<p><strong>Kategorien von Empf\u00e4ngern:<\/strong>Eine Weitergabe von Daten an Dritte ist nicht vorgesehen.<\/p>\n\n<p><strong>Internationale \u00dcbermittlungen:<\/strong>Es sind keine internationalen \u00dcbermittlungen von Daten vorgesehen.<\/p>\n\n<p><strong>Dauer der L\u00f6schung:<\/strong>Die Daten werden so lange aufbewahrt, wie es f\u00fcr die Erf\u00fcllung des Zwecks, f\u00fcr den sie erhoben wurden, und f\u00fcr die Bestimmung der m\u00f6glichen Verantwortlichkeiten, die sich aus diesem Zweck und aus der Verarbeitung der Daten ergeben, erforderlich ist.<\/p>\n\n<p><strong>Sicherheitsma\u00dfnahmen:<\/strong>Angepasst an die Anforderungen der Verordnung (EU) 2016\/679, General Data Protection Regulation.<\/p>\n\n<p> <strong>LIEFERANTENBEARBEITUNG<\/strong><\/p>\n\n<p><strong>Rechtsgrundlage: GDPR<\/strong>: 6.1.b) Die Verarbeitung ist f\u00fcr die Erf\u00fcllung eines Vertrags, dessen Vertragspartei die betroffene Person ist, oder f\u00fcr die Durchf\u00fchrung vorvertraglicher Ma\u00dfnahmen auf Antrag der betroffenen Person erforderlich. GDPR: 6.1.c) Die Verarbeitung ist zur Erf\u00fcllung einer rechtlichen Verpflichtung erforderlich, die f\u00fcr den f\u00fcr die Verarbeitung Verantwortlichen gilt. K\u00f6niglicher Gesetzeserlass 2\/2015 vom 23. Oktober zur Genehmigung des \u00fcberarbeiteten Textes des Arbeiterstatutsgesetzes. Gesetz 58\/2003 vom 17. Dezember 2003 \u00fcber die allgemeine Besteuerung.<\/p>\n\n<p><strong>Ziele der Behandlung:<\/strong><\/p>\n\n<ul class=\"wp-block-list\">\n<li>Erwerb von Produkten und\/oder Dienstleistungen, die wir f\u00fcr die Entwicklung unserer T\u00e4tigkeit ben\u00f6tigen.<\/li>\n\n\n\n<li>Kontrolle von Unterauftragnehmern, falls zutreffend.<\/li>\n<\/ul>\n\n<p><strong>Kollektiv:<\/strong><\/p>\n\n<ul class=\"wp-block-list\">\n<li>Lieferanten.<\/li>\n\n\n\n<li>Menschen, die f\u00fcr unsere Lieferanten arbeiten.<\/li>\n<\/ul>\n\n<p><strong>Datenkategorien:<\/strong><\/p>\n\n<ul class=\"wp-block-list\">\n<li>Vor- und Nachname, DNI\/NIF\/identifizierendes Dokument, Adresse, Unterschrift und Telefonnummer.<\/li>\n\n\n\n<li>Daten zu pers\u00f6nlichen Merkmalen: Geschlecht, Familienstand, Staatsangeh\u00f6rigkeit, Alter, Geburtsdatum und -ort sowie Familienangaben.<\/li>\n\n\n\n<li>Angaben zur Stelle: Berufsbezeichnung. Ausbildung in Arbeitssicherheit.<\/li>\n\n\n\n<li>Wirtschafts-, Finanz- und Versicherungsdaten: Bankverbindung.<\/li>\n<\/ul>\n\n<p><strong>Kategorien von Empf\u00e4ngern:<\/strong><\/p>\n\n<ul class=\"wp-block-list\">\n<li>Finanzinstitute. (Zahlung der Rechnungen).<\/li>\n\n\n\n<li>Staatliche Agentur f\u00fcr Steuerverwaltung.<\/li>\n<\/ul>\n\n<p><strong>Internationale \u00dcbermittlungen:<\/strong>Es sind keine internationalen \u00dcbermittlungen von Daten vorgesehen.<\/p>\n\n<p><strong>Dauer der L\u00f6schung:<\/strong>Die Daten werden so lange aufbewahrt, wie es notwendig ist, um den Zweck zu erf\u00fcllen, f\u00fcr den sie erhoben wurden, und um die m\u00f6glichen Verantwortlichkeiten zu bestimmen, die sich aus diesem Zweck und aus der Verarbeitung der Daten ergeben k\u00f6nnen, in \u00dcbereinstimmung mit dem Gesetz 58\/2003 vom 17. Dezember, Allgemeines Steuerrecht.<\/p>\n\n<p><strong>Sicherheitsma\u00dfnahmen:<\/strong>Angepasst an die Anforderungen der Verordnung (EU) 2016\/679, General Data Protection Regulation.<\/p>\n\n<p> <strong>KUNDENBEHANDLUNG<\/strong><\/p>\n\n<p><strong>Rechtsgrundlage: GDPR<\/strong>: 6.1.a) Die betroffene Person hat in die Verarbeitung ihrer personenbezogenen Daten f\u00fcr einen oder mehrere bestimmte Zwecke eingewilligt. GDPR: 6.1.b) Die Verarbeitung ist f\u00fcr die Erf\u00fcllung eines Vertrags, dessen Vertragspartei die betroffene Person ist, oder f\u00fcr die Durchf\u00fchrung vorvertraglicher Ma\u00dfnahmen auf Antrag der betroffenen Person erforderlich. GDPR: 6.1.c) Die Verarbeitung ist zur Erf\u00fcllung einer rechtlichen Verpflichtung erforderlich, die f\u00fcr den f\u00fcr die Verarbeitung Verantwortlichen gilt. GDPR: 6.1.f) Die Verarbeitung ist zur Wahrung der berechtigten Interessen des f\u00fcr die Verarbeitung Verantwortlichen erforderlich. K\u00f6niglicher Gesetzeserlass 2\/2015 vom 23. Oktober zur Genehmigung des \u00fcberarbeiteten Textes des Arbeiterstatutsgesetzes. Gesetz 58\/2003 vom 17. Dezember 2003 \u00fcber die allgemeine Besteuerung.<\/p>\n\n<p><strong>Zweck der Verarbeitung:<\/strong>Bereitstellung unserer Produkte\/Dienstleistungen<\/p>\n\n<p><strong>Kollektiv:<\/strong>Kunden<\/p>\n\n<p><strong>Datenkategorien:<\/strong><\/p>\n\n<ul class=\"wp-block-list\">\n<li>Vor- und Nachname, DNI\/NIF\/identifizierendes Dokument, Adresse, Unterschrift und Telefonnummer.<\/li>\n\n\n\n<li>Wirtschafts-, Finanz- und Versicherungsdaten: Bankdaten<\/li>\n<\/ul>\n\n<p><strong>Kategorien von Empf\u00e4ngern:<\/strong><\/p>\n\n<ul class=\"wp-block-list\">\n<li>Finanzinstitute. (Zahlung der Rechnungen).<\/li>\n\n\n\n<li>Staatliche Agentur f\u00fcr Steuerverwaltung.<\/li>\n<\/ul>\n\n<p><strong>Internationale \u00dcbermittlungen:<\/strong>Es sind keine internationalen \u00dcbermittlungen von Daten vorgesehen.<\/p>\n\n<p><strong>Dauer der L\u00f6schung:<\/strong>Die Daten werden so lange aufbewahrt, wie es notwendig ist, um den Zweck zu erf\u00fcllen, f\u00fcr den sie erhoben wurden, und um die m\u00f6glichen Verantwortlichkeiten zu bestimmen, die sich aus diesem Zweck und aus der Verarbeitung der Daten ergeben k\u00f6nnen, in \u00dcbereinstimmung mit dem Gesetz 58\/2003 vom 17. Dezember, Allgemeines Steuerrecht.<\/p>\n\n<p><strong>Sicherheitsma\u00dfnahmen:<\/strong>Angepasst an die Anforderungen der Verordnung (EU) 2016\/679, General Data Protection Regulation.<\/p>\n\n<p>BEARBEITUNG VON <strong>MELDUNGEN \u00dcBER SICHERHEITSVERLETZUNGEN<\/strong><\/p>\n\n<p><strong>Rechtsgrundlage:6<\/strong>.1.c) Die Verarbeitung ist zur Erf\u00fcllung einer rechtlichen Verpflichtung erforderlich, der der f\u00fcr die Verarbeitung Verantwortliche unterliegt. Allgemeine Datenschutzverordnung. Artikel 33 und 34<\/p>\n\n<p><strong>Zweck der Verarbeitung:<\/strong>Verwaltung und Auswertung von Sicherheitsverletzungen, die in unserer Organisation auftreten.<\/p>\n\n<p><strong>Gruppe:<\/strong>Variabel: Mitarbeiter, Kunden, Lieferanten, Kontaktpersonen (je nach Sicherheitsverletzung)<\/p>\n\n<p><strong>Datenkategorien:<\/strong>Variable. (Abh\u00e4ngig von der Sicherheitsverletzung)<\/p>\n\n<p><strong>Kategorien von Empf\u00e4ngern:<\/strong><\/p>\n\n<ul class=\"wp-block-list\">\n<li>Spanische Datenschutzbeh\u00f6rde.<\/li>\n\n\n\n<li>Staatliche Sicherheitskr\u00e4fte und Korps.<\/li>\n<\/ul>\n\n<p><strong>Internationale \u00dcbermittlungen:<\/strong>Es sind keine internationalen \u00dcbermittlungen von Daten vorgesehen.<\/p>\n\n<p><strong>Dauer der L\u00f6schung:<\/strong>Die Daten werden so lange aufbewahrt, wie es f\u00fcr die Erf\u00fcllung des Zwecks, f\u00fcr den sie erhoben wurden, und f\u00fcr die Bestimmung der m\u00f6glichen Verantwortlichkeiten, die sich aus diesem Zweck und aus der Verarbeitung der Daten ergeben, erforderlich ist. Es gelten die Bestimmungen der Archiv- und Dokumentationsordnung.<\/p>\n\n<p><strong>Sicherheitsma\u00dfnahmen:<\/strong>Angepasst an die Anforderungen der Verordnung (EU) 2016\/679, General Data Protection Regulation.<\/p>\n\n<h3 class=\"wp-block-heading\">IHRE RECHTE<\/h3>\n\n<p>Sie haben das Recht, eine Kopie Ihrer personenbezogenen Daten anzufordern, unrichtige Daten zu berichtigen oder unvollst\u00e4ndige Daten zu vervollst\u00e4ndigen oder sie gegebenenfalls zu l\u00f6schen, wenn sie f\u00fcr die Zwecke, f\u00fcr die sie erhoben wurden, nicht mehr erforderlich sind.<\/p>\n\n<p>Sie haben auch das Recht, die Verarbeitung Ihrer personenbezogenen Daten einzuschr\u00e4nken und Ihre personenbezogenen Daten in einem strukturierten und lesbaren Format zu erhalten.<\/p>\n\n<p>Sie k\u00f6nnen der Verarbeitung Ihrer personenbezogenen Daten unter bestimmten Umst\u00e4nden widersprechen (insbesondere, wenn wir sie nicht verarbeiten m\u00fcssen, um einer vertraglichen oder sonstigen gesetzlichen Verpflichtung nachzukommen, oder wenn der Zweck der Verarbeitung Direktmarketing ist).<\/p>\n\n<p>Wenn Sie uns Ihre Zustimmung gegeben haben, k\u00f6nnen Sie diese jederzeit widerrufen. Wir werden dann die Verarbeitung Ihrer Daten einstellen oder gegebenenfalls die Verarbeitung Ihrer Daten f\u00fcr diesen bestimmten Zweck beenden. Wenn Sie sich entschlie\u00dfen, Ihre Einwilligung zu widerrufen, hat dies keine Auswirkungen auf die Verarbeitung, die stattgefunden hat, als Ihre Einwilligung noch g\u00fcltig war.<\/p>\n\n<p>Diese Rechte k\u00f6nnen eingeschr\u00e4nkt sein, z. B. wenn wir Informationen \u00fcber eine andere Person offenlegen m\u00fcssen, um Ihre Anfrage zu erf\u00fcllen, oder wenn Sie uns bitten, bestimmte Aufzeichnungen zu l\u00f6schen, zu deren Aufbewahrung wir gesetzlich verpflichtet sind, oder aus einem berechtigten Interesse, z. B. zur Abwehr von Anspr\u00fcchen. Oder auch in F\u00e4llen, in denen das Recht auf freie Meinungs\u00e4u\u00dferung und Informationsfreiheit Vorrang haben muss.<\/p>\n\n<p>Sie k\u00f6nnen uns auf einem der im Abschnitt &#8220;Verantwortlicher f\u00fcr die Datenverarbeitung&#8221; dieser Datenschutzrichtlinie angegebenen Wege kontaktieren und eine Kopie eines Dokuments vorlegen, das Ihre Identit\u00e4t belegt (normalerweise ein Personalausweis). Der bequemste Weg, Ihre Rechte wahrzunehmen, ist der Zugang zu unserem RIGHTS PORTAL:<\/p>\n\n<figure class=\"wp-block-embed\"><div class=\"wp-block-embed__wrapper\">\nhttps:\/\/www.adelopd.com\/portalderechos\/inprofit-consulting-sl\n<\/div><\/figure>\n\n<p>Ein weiteres Recht ist das Recht, keiner ausschlie\u00dflich auf einer automatisierten Verarbeitung &#8211; einschlie\u00dflich Profiling &#8211; beruhenden Entscheidung unterworfen zu werden, die rechtliche Wirkungen entfaltet oder Sie betrifft.<\/p>\n\n<p>Im Falle einer Verletzung Ihrer Rechte, z. B. wenn wir Ihrem Antrag nicht nachgekommen sind, haben Sie das Recht, eine Beschwerde bei der Datenschutzaufsichtsbeh\u00f6rde einzureichen. Dies kann die Beh\u00f6rde Ihres Landes sein (wenn Sie au\u00dferhalb Spaniens leben) oder die spanische Datenschutzbeh\u00f6rde (wenn Sie in Spanien leben).<\/p>\n\n<p><strong>Links zu Websites von Dritten.<\/strong><\/p>\n\n<p>Unsere Website kann gelegentlich Links zu anderen Websites enthalten. Es liegt in Ihrer Verantwortung, sicherzustellen, dass Sie die Datenschutzpolitik und die rechtlichen Bedingungen, die f\u00fcr jede Website gelten, lesen.<\/p>\n\n<p><strong>Daten von Dritten.<\/strong><\/p>\n\n<p>Wenn Sie uns Daten von Dritten zur Verf\u00fcgung stellen, sind Sie daf\u00fcr verantwortlich, diese im Voraus gem\u00e4\u00df Artikel 14 der DSGVO zu informieren.<\/p>\n\n<p>  Wer ist der f\u00fcr die Verarbeitung Ihrer Daten Verantwortliche?<\/p>\n\n<ul class=\"wp-block-list\">\n<li>Name des Unternehmens: INPROFIT CONSULTING, S.L.<\/li>\n\n\n\n<li>MEHRWERTSTEUER-NR.: B42605055<\/li>\n\n\n\n<li>Postanschrift: C \/ Primer de Maig &#8211; 4 &#8211; 03804 &#8211; Alcoy (Alicante)<\/li>\n\n\n\n<li>E-Mail: info@inprofit.es<\/li>\n<\/ul>\n\n<h3 class=\"wp-block-heading\">Zu welchem Zweck verarbeiten wir Ihre personenbezogenen Daten?<\/h3>\n\n<p>INPROFIT CONSULTING, S.L. verarbeitet die von den Interessenten zur Verf\u00fcgung gestellten Daten zu den folgenden Zwecken:<\/p>\n\n<ul class=\"wp-block-list\">\n<li>Versenden von Mitteilungen \u00fcber unsere Produkte, Dienstleistungen, Werbeaktionen oder Veranstaltungen.<\/li>\n<\/ul>\n\n<p>Wie lange wir Ihre personenbezogenen Daten aufbewahren<\/p>\n\n<p>Die bei den verschiedenen Verarbeitungsvorg\u00e4ngen erhobenen personenbezogenen Daten werden so lange aufbewahrt, wie ein gegenseitiges Interesse daran besteht.<\/p>\n\n<h3 class=\"wp-block-heading\">Wodurch wird die Verarbeitung Ihrer Daten legitimiert?<\/h3>\n\n<p>Die Rechtsgrundlage f\u00fcr die Verarbeitung Ihrer Daten ist die Aktivit\u00e4t der F\u00f6rderung und Kommunikation der von INPROFIT CONSULTING, S.L. angebotenen Dienstleistungen und basiert auf der ausdr\u00fccklich angeforderten Zustimmung.<\/p>\n\n<h3 class=\"wp-block-heading\">An wen Ihre Daten weitergegeben werden<\/h3>\n\n<p>Ihre Daten werden nicht an Dritte weitergegeben, ohne Sie vorher zu informieren und Ihre ausdr\u00fcckliche Zustimmung einzuholen, es sei denn, wir sind gesetzlich dazu verpflichtet.<\/p>\n\n<h3 class=\"wp-block-heading\">Welche Rechte haben Sie als Stakeholder?<\/h3>\n\n<p>Als betroffene Person haben Sie die folgenden Rechte:<\/p>\n\n<ul class=\"wp-block-list\">\n<li>Sie haben das Recht, eine Best\u00e4tigung dar\u00fcber zu erhalten, ob INPROFIT CONSULTING, S.L. Ihre pers\u00f6nlichen Daten verarbeitet oder nicht.<\/li>\n\n\n\n<li>Sie haben das Recht, Ihre Einwilligung jederzeit zu widerrufen.<\/li>\n\n\n\n<li>Als betroffene Person haben Sie das Recht, auf Ihre personenbezogenen Daten zuzugreifen und uns aufzufordern, unrichtige Daten zu berichtigen oder gegebenenfalls ihre L\u00f6schung zu verlangen, wenn die Daten unter anderem f\u00fcr die Zwecke, f\u00fcr die sie erhoben wurden, nicht mehr erforderlich sind.<\/li>\n\n\n\n<li>Unter bestimmten Umst\u00e4nden k\u00f6nnen Sie verlangen, dass wir die Verarbeitung Ihrer Daten einschr\u00e4nken; in diesem Fall werden wir sie nur zum Zweck der Geltendmachung oder Abwehr von Anspr\u00fcchen aufbewahren.<\/li>\n\n\n\n<li>Unter bestimmten Umst\u00e4nden und aus Gr\u00fcnden, die sich auf Ihre besondere Situation beziehen, k\u00f6nnen Sie der Verarbeitung Ihrer Daten widersprechen. INPROFIT CONSULTING, S.L. wird die Verarbeitung dieser Daten einstellen, au\u00dfer aus zwingenden legitimen Gr\u00fcnden oder zur Geltendmachung oder Verteidigung eventueller Anspr\u00fcche.<\/li>\n\n\n\n<li>Sie haben das Recht, eine Beschwerde einzureichen, wenn Sie der Meinung sind, dass eine der von uns durchgef\u00fchrten Verarbeitungen nicht den geltenden Vorschriften entspricht.<\/li>\n<\/ul>\n\n<p>Wir informieren Sie dar\u00fcber, dass Sie Ihr Recht auf Zugang, Berichtigung, \u00dcbertragbarkeit und L\u00f6schung Ihrer Daten sowie das Recht auf Einschr\u00e4nkung und Widerspruch gegen deren Verarbeitung aus\u00fcben k\u00f6nnen:<\/p>\n\n<ol class=\"wp-block-list\">\n<li>\u00dcber info@inprofit.es<\/li>\n\n\n\n<li>\u00dcber unser B\u00fcro<\/li>\n<\/ol>\n\n<ul class=\"wp-block-list\">\n<li>INPROFIT CONSULTING, S.L. C \/ Primer de Maig &#8211; 4 &#8211; 03804 &#8211; Alcoy (Alicante) info@inprofit.es<\/li>\n<\/ul>\n\n<p>Alle in dieser Website enthaltenen Informationen sowie die grafische Gestaltung, die musikalische Komposition und die Codes in den verschiedenen Programmiersprachen stellen ein Werk dar, dessen geistiges Eigentum dem Unternehmen INPROFIT CONSULTING, S.L. mit Sitz in C \/ Sant Mauro &#8211; 3 &#8211; 03801 &#8211; Alcoy (Alicante) und mit C.I.F. B42605055 geh\u00f6rt. Ausgenommen sind lediglich die Rechte an Produkten und Dienstleistungen, die nicht im Besitz des Unternehmens sind und deren Marken zugunsten ihrer jeweiligen Eigent\u00fcmer eingetragen und von INPROFIT CONSULTING, S.L. als solche anerkannt sind.<\/p>\n\n<h2 class=\"wp-block-heading\">Welche pers\u00f6nlichen Daten wir sammeln und warum wir sie sammeln<\/h2>\n\n<h3 class=\"wp-block-heading\">Kommentare<\/h3>\n\n<p>Wenn Besucher Kommentare auf der Website hinterlassen, erfassen wir die im Kommentarformular angezeigten Daten sowie die IP-Adresse und den User-Agent-String des Browsers des Besuchers, um die Erkennung von Spam zu erleichtern.<\/p>\n\n<p>Eine anonyme Zeichenfolge, die aus Ihrer E-Mail-Adresse erstellt wird (auch Hash genannt), kann dem Gravatar-Dienst zur Verf\u00fcgung gestellt werden, um zu sehen, ob Sie ihn verwenden. Die Datenschutzbestimmungen des Gravatar-Dienstes finden Sie hier: https:\/\/automattic.com\/privacy\/. Nach der Freigabe Ihres Kommentars ist Ihr Profilbild im Zusammenhang mit Ihrem Kommentar \u00f6ffentlich sichtbar.<\/p>\n\n<h3 class=\"wp-block-heading\">Medien<\/h3>\n\n<p>Wenn Sie Bilder ins Internet hochladen, sollten Sie es vermeiden, Bilder hochzuladen, die Standortdaten (GPS EXIF) enthalten. Die Besucher der Website k\u00f6nnen alle Standortdaten von den Bildern auf der Website herunterladen und extrahieren.<\/p>\n\n<h3 class=\"wp-block-heading\">Kontaktformulare<\/h3>\n\n<h3 class=\"wp-block-heading\">Cookies<\/h3>\n\n<p>Wenn Sie einen Kommentar auf unserer Website hinterlassen, k\u00f6nnen Sie w\u00e4hlen, ob Ihr Name, Ihre E-Mail-Adresse und Ihre Website in Cookies gespeichert werden sollen. Dies dient Ihrer Bequemlichkeit, damit Sie Ihre Daten nicht erneut eingeben m\u00fcssen, wenn Sie einen weiteren Kommentar hinterlassen. Diese Kekse sind ein Jahr lang haltbar.<\/p>\n\n<p>Wenn Sie ein Konto haben und sich auf dieser Website anmelden, setzen wir ein tempor\u00e4res Cookie, um festzustellen, ob Ihr Browser Cookies akzeptiert. Dieses Cookie enth\u00e4lt keine pers\u00f6nlichen Daten und wird gel\u00f6scht, wenn Sie Ihren Browser schlie\u00dfen.<\/p>\n\n<p>Wenn Sie sich anmelden, werden wir auch eine Reihe von Cookies setzen, um Ihre Anmeldeinformationen und Bildschirmdarstellungsoptionen zu speichern. Die Cookies f\u00fcr die Anmeldung bleiben zwei Tage lang erhalten, die Cookies f\u00fcr die Anzeigeoptionen ein Jahr lang. Wenn Sie &#8220;Angemeldet bleiben&#8221; w\u00e4hlen, ist Ihr Login zwei Wochen lang g\u00fcltig. Wenn Sie sich von Ihrem Konto abmelden, werden Ihre Anmelde-Cookies gel\u00f6scht.<\/p>\n\n<p>Wenn Sie einen Artikel bearbeiten oder ver\u00f6ffentlichen, wird ein zus\u00e4tzliches Cookie in Ihrem Browser gespeichert. Dieses Cookie enth\u00e4lt keine pers\u00f6nlichen Daten, sondern zeigt lediglich die ID des Artikels an, den Sie gerade bearbeitet haben. L\u00e4uft nach 1 Tag ab.<\/p>\n\n<h3 class=\"wp-block-heading\">Eingebettete Inhalte von anderen Websites<\/h3>\n\n<p>Die Artikel auf dieser Website k\u00f6nnen eingebettete Inhalte enthalten (z. B. Videos, Bilder, Artikel usw.). Eingebettete Inhalte von anderen Websites verhalten sich genau so, als ob der Besucher die andere Website besucht h\u00e4tte.<\/p>\n\n<p>Diese Websites k\u00f6nnen Daten \u00fcber Sie sammeln, Cookies verwenden, zus\u00e4tzliche Trackingfunktionen von Dritten einbetten und Ihre Interaktion mit diesen eingebetteten Inhalten \u00fcberwachen, einschlie\u00dflich der Verfolgung Ihrer Interaktion mit den eingebetteten Inhalten, wenn Sie ein Konto haben und auf dieser Website angemeldet sind.<\/p>\n\n<h3 class=\"wp-block-heading\">Analytik<\/h3>\n\n<h2 class=\"wp-block-heading\">Mit wem wir Ihre Daten teilen<\/h2>\n\n<h2 class=\"wp-block-heading\">Wie lange wir Ihre Daten aufbewahren<\/h2>\n\n<p>Wenn Sie einen Kommentar hinterlassen, werden der Kommentar und seine Metadaten auf unbestimmte Zeit gespeichert. So k\u00f6nnen wir aufeinanderfolgende Kommentare automatisch erkennen und genehmigen, anstatt sie in einer Moderationswarteschlange zu halten.<\/p>\n\n<p>Von Nutzern, die sich auf unserer Website registrieren (falls vorhanden), speichern wir auch die pers\u00f6nlichen Daten, die sie in ihrem Nutzerprofil angeben. Alle Nutzer k\u00f6nnen ihre pers\u00f6nlichen Daten jederzeit einsehen, bearbeiten oder l\u00f6schen (au\u00dfer dass sie ihren Benutzernamen nicht \u00e4ndern k\u00f6nnen). Auch Website-Administratoren k\u00f6nnen diese Informationen einsehen und bearbeiten.<\/p>\n\n<h2 class=\"wp-block-heading\">Welche Rechte Sie an Ihren Daten haben<\/h2>\n\n<p>Wenn Sie ein Konto haben oder Kommentare auf dieser Website hinterlassen haben, k\u00f6nnen Sie eine Exportdatei der personenbezogenen Daten anfordern, die wir \u00fcber Sie gespeichert haben, einschlie\u00dflich aller Daten, die Sie uns zur Verf\u00fcgung gestellt haben. Sie k\u00f6nnen auch verlangen, dass wir die \u00fcber Sie gespeicherten personenbezogenen Daten l\u00f6schen. Davon ausgenommen sind Daten, die wir aus administrativen, rechtlichen oder sicherheitsrelevanten Gr\u00fcnden aufbewahren m\u00fcssen.<\/p>\n\n<h2 class=\"wp-block-heading\">Wohin wir Ihre Daten senden<\/h2>\n\n<p>Die Kommentare der Besucher k\u00f6nnen von einem automatischen Spam-Erkennungsdienst \u00fcberpr\u00fcft werden.<\/p>\n\n<p><\/p>\n","protected":false},"excerpt":{"rendered":"<p>Datenschutz Sie k\u00f6nnen die Daten- und Datenschutzrichtlinie hier im Detail einsehen: www.inprofit.es ist sich bewusst, wie wichtig es ist, das Recht auf Privatsph\u00e4re und Datenschutz der Nutzer zu gew\u00e4hrleisten, und in diesem Zusammenhang, in \u00dcbereinstimmung mit der Datenschutzverordnung (EU) 2016\/679, informieren wir Sie hiermit \u00fcber die folgenden Punkte in Bezug auf die Verarbeitung Ihrer personenbezogenen Daten \u00fcber diese Website: Verantwortlicher f\u00fcr die Datenverarbeitung Grunds\u00e4tze des Datenschutzes Wir von INPROFIT CONSULTING, S.L. verpflichten uns, mit Ihnen zusammenzuarbeiten, um den Schutz Ihrer pers\u00f6nlichen Daten zu gew\u00e4hrleisten und Ihnen jederzeit die vollst\u00e4ndigsten und klarsten Informationen zu geben, die uns m\u00f6glich sind. Wir empfehlen Ihnen, diesen Abschnitt sorgf\u00e4ltig zu lesen, bevor Sie uns Ihre pers\u00f6nlichen Daten zur Verf\u00fcgung stellen. Wenn Sie unter vierzehn Jahre alt sind, \u00fcbermitteln Sie uns Ihre Daten bitte nicht ohne die Zustimmung Ihrer Eltern. In diesem Abschnitt informieren wir Sie dar\u00fcber, wie wir mit den Daten von Personen umgehen, die in einer Beziehung zu unserer Organisation stehen. Wir beginnen mit unseren Grunds\u00e4tzen: Diese Datenschutzerkl\u00e4rung wurde unter Ber\u00fccksichtigung der Anforderungen der geltenden Datenschutzvorschriften erstellt: Diese Datenschutzrichtlinie ist vom 6. Dezember 2018. Um sie verst\u00e4ndlicher zu machen oder um sie an die aktuelle Gesetzgebung anzupassen, k\u00f6nnen wir diese Datenschutzerkl\u00e4rung \u00e4ndern, wenn wir unsere Verarbeitungskriterien \u00e4ndern. Wir werden das Datum aktualisieren, damit Sie seine G\u00fcltigkeit \u00fcberpr\u00fcfen k\u00f6nnen. Behandlungen, die wir durchf\u00fchren BEHANDLUNG VON MITARBEITERN Rechtsgrundlage: GDPR: 6.1.b) Die Verarbeitung ist f\u00fcr die Erf\u00fcllung eines Vertrags, dessen Vertragspartei die betroffene Person ist, oder f\u00fcr die Durchf\u00fchrung vorvertraglicher Ma\u00dfnahmen auf Antrag der betroffenen Person erforderlich. GDPR: 6.1.c) Die Verarbeitung ist zur Erf\u00fcllung einer rechtlichen Verpflichtung erforderlich, die f\u00fcr den f\u00fcr die Verarbeitung Verantwortlichen gilt. K\u00f6niglicher Gesetzeserlass 2\/2015 vom 23. Oktober zur Genehmigung des \u00fcberarbeiteten Textes des Arbeiterstatutsgesetzes. In jeder kommerziellen Mitteilung an die betroffene Person wird ihr die M\u00f6glichkeit gegeben, sich gegen den Erhalt weiterer Mitteilungen auszusprechen. Ziele der Behandlung: Kollektiv:Arbeitnehmer Datenkategorien: Kategorien von Empf\u00e4ngern: Internationale \u00dcbermittlungen:Es sind keine internationalen \u00dcbermittlungen von Daten vorgesehen. Dauer der L\u00f6schung:Die Daten werden so lange aufbewahrt, wie es f\u00fcr die Erf\u00fcllung des Zwecks, f\u00fcr den sie erhoben wurden, und f\u00fcr die Bestimmung der m\u00f6glichen Verantwortlichkeiten, die sich aus diesem Zweck und aus der Verarbeitung der Daten ergeben, erforderlich ist. Die Finanzdaten dieser Verarbeitungst\u00e4tigkeit werden gem\u00e4\u00df den Bestimmungen des Gesetzes 58\/2003 vom 17. Dezember 2003 \u00fcber die allgemeine Besteuerung aufbewahrt. Sicherheitsma\u00dfnahmen:Angepasst an die Anforderungen der Verordnung (EU) 2016\/679, General Data Protection Regulation. KONTAKTBEHANDLUNG Rechtsgrundlage: Zustimmung der betroffenen Person Zweck der Verarbeitung:Bearbeitung Ihrer Anfrage, Zusendung von Informationen und Weiterverfolgung Ihrer Anfrage. Gruppe:Kontaktpersonen, Kunden, Lieferanten Datenkategorien:Vor- und Nachname, Telefonnummer, E-Mail Adresse Kategorien von Empf\u00e4ngern:Eine Weitergabe von Daten an Dritte ist nicht vorgesehen. Internationale \u00dcbermittlungen:Es sind keine internationalen \u00dcbermittlungen von Daten vorgesehen. Dauer der L\u00f6schung:Die Kontaktdaten werden auf unbestimmte Zeit oder so lange aufbewahrt, bis die betroffene Person ihre L\u00f6schung beantragt. Sicherheitsma\u00dfnahmen:Angepasst an die Anforderungen der Verordnung (EU) 2016\/679, General Data Protection Regulation. PFLEGE BEHANDLUNGSRECHTE VON PERSONEN (ARCO) Rechtsgrundlage: GDPR: 6.1.c) Die Verarbeitung ist zur Erf\u00fcllung einer rechtlichen Verpflichtung erforderlich, die f\u00fcr den f\u00fcr die Verarbeitung Verantwortlichen gilt. Allgemeine Datenschutzverordnung. Zweck der Verarbeitung:Beantwortung von Antr\u00e4gen zur Aus\u00fcbung der in der Datenschutzgrundverordnung festgelegten Rechte: Recht auf Auskunft, Berichtigung, L\u00f6schung, Einschr\u00e4nkung, \u00dcbertragbarkeit und Widerspruch gegen automatisierte Entscheidungen. Gruppe:Personen, die dies beantragen (Mitarbeiter, Kunden, Lieferanten, Kontaktpersonen). Datenkategorien:Vor- und Nachname, Adresse, Unterschrift und Telefonnummer. Kategorien von Empf\u00e4ngern:Personenbezogene Daten k\u00f6nnen im Rahmen einer von der betroffenen Person eingeleiteten Untersuchung zum Schutz ihrer Rechte an die Aufsichtsbeh\u00f6rde (Spanische Datenschutzbeh\u00f6rde) weitergegeben werden. Internationale \u00dcbermittlungen:Es sind keine internationalen \u00dcbermittlungen von Daten vorgesehen. L\u00f6schungsfrist:Sie werden f\u00fcr einen Zeitraum von f\u00fcnf Jahren ab dem Zeitpunkt der Antragstellung aufbewahrt. Sicherheitsma\u00dfnahmen:Angepasst an die Anforderungen der Verordnung (EU) 2016\/679, General Data Protection Regulation. BEARBEITUNG VON BEWERBERN AUSWAHLVERFAHREN (HR) Rechtsgrundlage: GDPR6.1.a) Die betroffene Person hat in die Verarbeitung ihrer personenbezogenen Daten f\u00fcr einen oder mehrere bestimmte Zwecke eingewilligt. GDPR: 6.1.b) Die Verarbeitung ist f\u00fcr die Erf\u00fcllung eines Vertrags, dessen Vertragspartei die betroffene Person ist, oder f\u00fcr die Durchf\u00fchrung vorvertraglicher Ma\u00dfnahmen auf Antrag der betroffenen Person erforderlich. Zweck der Verarbeitung:Auswahl von Personal und Besetzung von Stellen. Collective:Bewerber, die sich f\u00fcr ein Stellenausschreibungsverfahren beworben haben. Datenkategorien: Kategorien von Empf\u00e4ngern:Eine Weitergabe von Daten an Dritte ist nicht vorgesehen. Internationale \u00dcbermittlungen:Es sind keine internationalen \u00dcbermittlungen von Daten vorgesehen. Dauer der L\u00f6schung:Die Daten werden so lange aufbewahrt, wie es f\u00fcr die Erf\u00fcllung des Zwecks, f\u00fcr den sie erhoben wurden, und f\u00fcr die Bestimmung der m\u00f6glichen Verantwortlichkeiten, die sich aus diesem Zweck und aus der Verarbeitung der Daten ergeben, erforderlich ist. Sicherheitsma\u00dfnahmen:Angepasst an die Anforderungen der Verordnung (EU) 2016\/679, General Data Protection Regulation. LIEFERANTENBEARBEITUNG Rechtsgrundlage: GDPR: 6.1.b) Die Verarbeitung ist f\u00fcr die Erf\u00fcllung eines Vertrags, dessen Vertragspartei die betroffene Person ist, oder f\u00fcr die Durchf\u00fchrung vorvertraglicher Ma\u00dfnahmen auf Antrag der betroffenen Person erforderlich. GDPR: 6.1.c) Die Verarbeitung ist zur Erf\u00fcllung einer rechtlichen Verpflichtung erforderlich, die f\u00fcr den f\u00fcr die Verarbeitung Verantwortlichen gilt. K\u00f6niglicher Gesetzeserlass 2\/2015 vom 23. Oktober zur Genehmigung des \u00fcberarbeiteten Textes des Arbeiterstatutsgesetzes. Gesetz 58\/2003 vom 17. Dezember 2003 \u00fcber die allgemeine Besteuerung. Ziele der Behandlung: Kollektiv: Datenkategorien: Kategorien von Empf\u00e4ngern: Internationale \u00dcbermittlungen:Es sind keine internationalen \u00dcbermittlungen von Daten vorgesehen. Dauer der L\u00f6schung:Die Daten werden so lange aufbewahrt, wie es notwendig ist, um den Zweck zu erf\u00fcllen, f\u00fcr den sie erhoben wurden, und um die m\u00f6glichen Verantwortlichkeiten zu bestimmen, die sich aus diesem Zweck und aus der Verarbeitung der Daten ergeben k\u00f6nnen, in \u00dcbereinstimmung mit dem Gesetz 58\/2003 vom 17. Dezember, Allgemeines Steuerrecht. Sicherheitsma\u00dfnahmen:Angepasst an die Anforderungen der Verordnung (EU) 2016\/679, General Data Protection Regulation. KUNDENBEHANDLUNG Rechtsgrundlage: GDPR: 6.1.a) Die betroffene Person hat in die Verarbeitung ihrer personenbezogenen Daten f\u00fcr einen oder mehrere bestimmte Zwecke eingewilligt. GDPR: 6.1.b) Die Verarbeitung ist f\u00fcr die Erf\u00fcllung eines Vertrags, dessen Vertragspartei die betroffene Person ist, oder f\u00fcr die Durchf\u00fchrung vorvertraglicher Ma\u00dfnahmen auf Antrag der betroffenen Person erforderlich. GDPR: 6.1.c) Die Verarbeitung ist zur Erf\u00fcllung einer rechtlichen Verpflichtung erforderlich, die f\u00fcr den f\u00fcr die Verarbeitung Verantwortlichen gilt. GDPR: 6.1.f) Die Verarbeitung ist zur Wahrung der berechtigten Interessen des f\u00fcr die Verarbeitung Verantwortlichen erforderlich. K\u00f6niglicher Gesetzeserlass 2\/2015 vom 23. Oktober zur Genehmigung des \u00fcberarbeiteten Textes des Arbeiterstatutsgesetzes. Gesetz 58\/2003 vom 17. Dezember 2003 \u00fcber die<\/p>\n","protected":false},"author":1,"featured_media":0,"parent":0,"menu_order":0,"comment_status":"closed","ping_status":"closed","template":"","meta":{"footnotes":""},"class_list":["post-5700","page","type-page","status-publish","hentry"],"yoast_head":"<!-- This site is optimized with the Yoast SEO plugin v27.4 - https:\/\/yoast.com\/product\/yoast-seo-wordpress\/ -->\n<title>Datenschutzbestimmungen - Grenade Olive Oil<\/title>\n<meta name=\"description\" content=\"Entdecken Sie die Datenschutzbestimmungen von Grenade Olive Oil, den Meistern der Herstellung von gr\u00fcnem Oliven\u00f6l.\" \/>\n<meta name=\"robots\" content=\"index, follow, max-snippet:-1, max-image-preview:large, max-video-preview:-1\" \/>\n<link rel=\"canonical\" href=\"https:\/\/grenadeoliveoil.com\/de\/datenschutzbestimmungen\/\" \/>\n<meta property=\"og:locale\" content=\"de_DE\" \/>\n<meta property=\"og:type\" content=\"article\" \/>\n<meta property=\"og:title\" content=\"Datenschutzbestimmungen - Grenade Olive Oil\" \/>\n<meta property=\"og:description\" content=\"Entdecken Sie die Datenschutzbestimmungen von Grenade Olive Oil, den Meistern der Herstellung von gr\u00fcnem Oliven\u00f6l.\" \/>\n<meta property=\"og:url\" content=\"https:\/\/grenadeoliveoil.com\/de\/datenschutzbestimmungen\/\" \/>\n<meta property=\"og:site_name\" content=\"Grenade Olive Oil\" \/>\n<meta property=\"article:modified_time\" content=\"2025-11-25T16:46:19+00:00\" \/>\n<meta name=\"twitter:card\" content=\"summary_large_image\" \/>\n<meta name=\"twitter:label1\" content=\"Gesch\u00e4tzte Lesezeit\" \/>\n\t<meta name=\"twitter:data1\" content=\"17\u00a0Minuten\" \/>\n<script type=\"application\/ld+json\" class=\"yoast-schema-graph\">{\"@context\":\"https:\\\/\\\/schema.org\",\"@graph\":[{\"@type\":\"WebPage\",\"@id\":\"https:\\\/\\\/grenadeoliveoil.com\\\/de\\\/datenschutzbestimmungen\\\/\",\"url\":\"https:\\\/\\\/grenadeoliveoil.com\\\/de\\\/datenschutzbestimmungen\\\/\",\"name\":\"Datenschutzbestimmungen - Grenade Olive Oil\",\"isPartOf\":{\"@id\":\"https:\\\/\\\/grenadeoliveoil.com\\\/de\\\/#website\"},\"datePublished\":\"2022-11-03T08:27:57+00:00\",\"dateModified\":\"2025-11-25T16:46:19+00:00\",\"description\":\"Entdecken Sie die Datenschutzbestimmungen von Grenade Olive Oil, den Meistern der Herstellung von gr\u00fcnem Oliven\u00f6l.\",\"breadcrumb\":{\"@id\":\"https:\\\/\\\/grenadeoliveoil.com\\\/de\\\/datenschutzbestimmungen\\\/#breadcrumb\"},\"inLanguage\":\"de\",\"potentialAction\":[{\"@type\":\"ReadAction\",\"target\":[\"https:\\\/\\\/grenadeoliveoil.com\\\/de\\\/datenschutzbestimmungen\\\/\"]}]},{\"@type\":\"BreadcrumbList\",\"@id\":\"https:\\\/\\\/grenadeoliveoil.com\\\/de\\\/datenschutzbestimmungen\\\/#breadcrumb\",\"itemListElement\":[{\"@type\":\"ListItem\",\"position\":1,\"name\":\"Portada\",\"item\":\"https:\\\/\\\/grenadeoliveoil.com\\\/de\\\/\"},{\"@type\":\"ListItem\",\"position\":2,\"name\":\"Datenschutzbestimmungen\"}]},{\"@type\":\"WebSite\",\"@id\":\"https:\\\/\\\/grenadeoliveoil.com\\\/de\\\/#website\",\"url\":\"https:\\\/\\\/grenadeoliveoil.com\\\/de\\\/\",\"name\":\"Grenade Olive Oil\",\"description\":\"Green Olive Oil\",\"publisher\":{\"@id\":\"https:\\\/\\\/grenadeoliveoil.com\\\/de\\\/#organization\"},\"potentialAction\":[{\"@type\":\"SearchAction\",\"target\":{\"@type\":\"EntryPoint\",\"urlTemplate\":\"https:\\\/\\\/grenadeoliveoil.com\\\/de\\\/?s={search_term_string}\"},\"query-input\":{\"@type\":\"PropertyValueSpecification\",\"valueRequired\":true,\"valueName\":\"search_term_string\"}}],\"inLanguage\":\"de\"},{\"@type\":\"Organization\",\"@id\":\"https:\\\/\\\/grenadeoliveoil.com\\\/de\\\/#organization\",\"name\":\"Grande Olive Oil\",\"url\":\"https:\\\/\\\/grenadeoliveoil.com\\\/de\\\/\",\"logo\":{\"@type\":\"ImageObject\",\"inLanguage\":\"de\",\"@id\":\"https:\\\/\\\/grenadeoliveoil.com\\\/de\\\/#\\\/schema\\\/logo\\\/image\\\/\",\"url\":\"https:\\\/\\\/grenadeoliveoil.com\\\/wp-content\\\/uploads\\\/2021\\\/11\\\/aceite-verde-grenade-olive-oil.jpg\",\"contentUrl\":\"https:\\\/\\\/grenadeoliveoil.com\\\/wp-content\\\/uploads\\\/2021\\\/11\\\/aceite-verde-grenade-olive-oil.jpg\",\"width\":150,\"height\":75,\"caption\":\"Grande Olive Oil\"},\"image\":{\"@id\":\"https:\\\/\\\/grenadeoliveoil.com\\\/de\\\/#\\\/schema\\\/logo\\\/image\\\/\"}}]}<\/script>\n<!-- \/ Yoast SEO plugin. -->","yoast_head_json":{"title":"Datenschutzbestimmungen - Grenade Olive Oil","description":"Entdecken Sie die Datenschutzbestimmungen von Grenade Olive Oil, den Meistern der Herstellung von gr\u00fcnem Oliven\u00f6l.","robots":{"index":"index","follow":"follow","max-snippet":"max-snippet:-1","max-image-preview":"max-image-preview:large","max-video-preview":"max-video-preview:-1"},"canonical":"https:\/\/grenadeoliveoil.com\/de\/datenschutzbestimmungen\/","og_locale":"de_DE","og_type":"article","og_title":"Datenschutzbestimmungen - Grenade Olive Oil","og_description":"Entdecken Sie die Datenschutzbestimmungen von Grenade Olive Oil, den Meistern der Herstellung von gr\u00fcnem Oliven\u00f6l.","og_url":"https:\/\/grenadeoliveoil.com\/de\/datenschutzbestimmungen\/","og_site_name":"Grenade Olive Oil","article_modified_time":"2025-11-25T16:46:19+00:00","twitter_card":"summary_large_image","twitter_misc":{"Gesch\u00e4tzte Lesezeit":"17\u00a0Minuten"},"schema":{"@context":"https:\/\/schema.org","@graph":[{"@type":"WebPage","@id":"https:\/\/grenadeoliveoil.com\/de\/datenschutzbestimmungen\/","url":"https:\/\/grenadeoliveoil.com\/de\/datenschutzbestimmungen\/","name":"Datenschutzbestimmungen - Grenade Olive Oil","isPartOf":{"@id":"https:\/\/grenadeoliveoil.com\/de\/#website"},"datePublished":"2022-11-03T08:27:57+00:00","dateModified":"2025-11-25T16:46:19+00:00","description":"Entdecken Sie die Datenschutzbestimmungen von Grenade Olive Oil, den Meistern der Herstellung von gr\u00fcnem Oliven\u00f6l.","breadcrumb":{"@id":"https:\/\/grenadeoliveoil.com\/de\/datenschutzbestimmungen\/#breadcrumb"},"inLanguage":"de","potentialAction":[{"@type":"ReadAction","target":["https:\/\/grenadeoliveoil.com\/de\/datenschutzbestimmungen\/"]}]},{"@type":"BreadcrumbList","@id":"https:\/\/grenadeoliveoil.com\/de\/datenschutzbestimmungen\/#breadcrumb","itemListElement":[{"@type":"ListItem","position":1,"name":"Portada","item":"https:\/\/grenadeoliveoil.com\/de\/"},{"@type":"ListItem","position":2,"name":"Datenschutzbestimmungen"}]},{"@type":"WebSite","@id":"https:\/\/grenadeoliveoil.com\/de\/#website","url":"https:\/\/grenadeoliveoil.com\/de\/","name":"Grenade Olive Oil","description":"Green Olive Oil","publisher":{"@id":"https:\/\/grenadeoliveoil.com\/de\/#organization"},"potentialAction":[{"@type":"SearchAction","target":{"@type":"EntryPoint","urlTemplate":"https:\/\/grenadeoliveoil.com\/de\/?s={search_term_string}"},"query-input":{"@type":"PropertyValueSpecification","valueRequired":true,"valueName":"search_term_string"}}],"inLanguage":"de"},{"@type":"Organization","@id":"https:\/\/grenadeoliveoil.com\/de\/#organization","name":"Grande Olive Oil","url":"https:\/\/grenadeoliveoil.com\/de\/","logo":{"@type":"ImageObject","inLanguage":"de","@id":"https:\/\/grenadeoliveoil.com\/de\/#\/schema\/logo\/image\/","url":"https:\/\/grenadeoliveoil.com\/wp-content\/uploads\/2021\/11\/aceite-verde-grenade-olive-oil.jpg","contentUrl":"https:\/\/grenadeoliveoil.com\/wp-content\/uploads\/2021\/11\/aceite-verde-grenade-olive-oil.jpg","width":150,"height":75,"caption":"Grande Olive Oil"},"image":{"@id":"https:\/\/grenadeoliveoil.com\/de\/#\/schema\/logo\/image\/"}}]}},"_links":{"self":[{"href":"https:\/\/grenadeoliveoil.com\/de\/wp-json\/wp\/v2\/pages\/5700","targetHints":{"allow":["GET"]}}],"collection":[{"href":"https:\/\/grenadeoliveoil.com\/de\/wp-json\/wp\/v2\/pages"}],"about":[{"href":"https:\/\/grenadeoliveoil.com\/de\/wp-json\/wp\/v2\/types\/page"}],"author":[{"embeddable":true,"href":"https:\/\/grenadeoliveoil.com\/de\/wp-json\/wp\/v2\/users\/1"}],"replies":[{"embeddable":true,"href":"https:\/\/grenadeoliveoil.com\/de\/wp-json\/wp\/v2\/comments?post=5700"}],"version-history":[{"count":0,"href":"https:\/\/grenadeoliveoil.com\/de\/wp-json\/wp\/v2\/pages\/5700\/revisions"}],"wp:attachment":[{"href":"https:\/\/grenadeoliveoil.com\/de\/wp-json\/wp\/v2\/media?parent=5700"}],"curies":[{"name":"wp","href":"https:\/\/api.w.org\/{rel}","templated":true}]}}